{"id":45,"date":"2021-12-06T13:15:19","date_gmt":"2021-12-06T13:15:19","guid":{"rendered":"http:\/\/academiamineiradeilusionismo.com\/site\/?page_id=45"},"modified":"2021-12-06T13:15:19","modified_gmt":"2021-12-06T13:15:19","slug":"sobre","status":"publish","type":"page","link":"https:\/\/academiamineiradeilusionismo.com\/site\/sobre\/","title":{"rendered":"Sobre"},"content":{"rendered":"\n<p>Fundada em 06 de mar\u00e7o de 1997, pelos m\u00e1gicos Yago (Jocelen Thiago Silva), Rossini (Felipe Thiago Silva), Sesiom (Mois\u00e9s Gomes), Tedylon (Judas Tadeu Tallon), Mr Rossi (Marco Morais Rossi), Dr\u00e1kula (Antonio Talus Salis), Rog\u00e9rio Daves, Adan, Estevan, Serge Weick e Nic (Jos\u00e9 Nicodemus). Foi idealizada na oficina de m\u00e1gicas do fabricante Vicente Freitas, com o intuito de acolher os m\u00e1gicos de Minas para unir for\u00e7as e engrandecer a rainha das artes!<\/p>\n\n\n\n<p>A AMI tem como objetivo difundir a Arte M\u00e1gica no estado Mineiro, apoiar e orientar m\u00e1gicos profissionais e amadores.<\/p>\n\n\n\n<p>Parceira do SATED-MG (Sindicato dos Artistas) e associa\u00e7\u00e3o filiada ao FLASOMA (Funda\u00e7\u00e3o Latino-Americana de Sociedades M\u00e1gicas)<\/p>\n\n\n\n<p>A Academia Mineira de Ilusionismo, foi respons\u00e1vel pela produ\u00e7\u00e3o de dezenas de festivais de m\u00e1gicas realizado da capital mineira, como Festival Minas\/Brasil de M\u00e1gicas, Encontro Mundial de M\u00e1gicos (em parceria com CECAM, NUMAM e SOMBRA) e Minas Magifest.<\/p>\n\n\n\n<p><strong>Gest\u00e3o 1997-1999<\/strong><\/p>\n\n\n\n<p>Presidente \u2013 Yago<br>Tesoureiro \u2013 Tedylon<br>Secret\u00e1rio-Geral: Mr Rossi<\/p>\n\n\n\n<p><strong>Gest\u00e3o 2000-2002<\/strong><\/p>\n\n\n\n<p>Presidente \u2013 Rossini<br>Tesoureiro \u2013 Ulysses<br>Secret\u00e1rio-Geral: Nic<\/p>\n\n\n\n<p><strong>Gest\u00e3o 2003-2005<\/strong><\/p>\n\n\n\n<p>Presidente \u2013 Yago<br>Tesoureiro \u2013 Raman<br>Secret\u00e1rio-Geral: Juliane Dark<br>Diretor Social \u2013 Vishnu<br>Direto Cultural \u2013 Rossini<br>Conselho de \u00c9tica \u2013 George Rubadel, Gandra e Sesiom<\/p>\n\n\n\n<p><strong>Gest\u00e3o 2006-2008<\/strong><\/p>\n\n\n\n<p>Presidente \u2013 George Rubadel<br>Tesoureiro \u2013 Tedylon<br>Secret\u00e1rio-Geral: Saulo<br>Diretor Social \u2013 Vishnu<br>Direto Cultural \u2013 Rossini<br>Conselho de \u00c9tica \u2013 Gandra e Sesiom<\/p>\n\n\n\n<p><strong>Gest\u00e3o 2009-2011<\/strong><\/p>\n\n\n\n<p>Presidente \u2013 Thiago Portus<br>Tesoureiro \u2013 Tedylon<br>Secret\u00e1rio-Geral: Henry Vargas<br>Diretor Social \u2013 Vishnu<br>Direto Cultural \u2013 George Rubadel<\/p>\n\n\n\n<p><strong>Gest\u00e3o 2012-2013<\/strong><\/p>\n\n\n\n<p>Presidente \u2013 Mr Jack<br>Tesoureiro \u2013 Dennerson<br>Secret\u00e1rio-Geral: Karidoff<br>Diretor Social \u2013 Sirius Black<\/p>\n\n\n\n<p><strong>Gest\u00e3o 2014-2015<\/strong><\/p>\n\n\n\n<p>Presidente \u2013 George Rubadel<br>Conselho de \u00c9tica \u2013 Felipe, Kradyn Junior, Tedylon e Vin\u00edcius.<\/p>\n\n\n\n<p><strong>Gest\u00e3o 2016-2017<\/strong><\/p>\n\n\n\n<p>Presidente \u2013 Kradyn Junior<br>Conselho de \u00c9tica \u2013 Douglas Assis, George Rubadel, Luiz Fosc e M\u00e1gico Hildon.<\/p>\n\n\n\n<p><strong>Gest\u00e3o 2018<\/strong><\/p>\n\n\n\n<p>Presidente \u2013 Kradyn Junior<br>Conselho de \u00c9tica \u2013 Douglas Assis, George Rubadel, Luiz Fosc e M\u00e1gico Hildon.<\/p>\n\n\n\n<p><strong>Gest\u00e3o 2019<\/strong><\/p>\n\n\n\n<p>Presidente \u2013 M\u00e1gico Hildon<br>Conselho de \u00c9tica \u2013 M\u00e1gico Gimenez, M\u00e1gico Marcelo, Vin\u00edcius Theodoro e M\u00e1gico Hildon.<\/p>\n\n\n\n<p><strong>Gest\u00e3o 2020-2021<\/strong><\/p>\n\n\n\n<p>Presidente \u2013 M\u00e1gico Hildon<br>Conselho de \u00c9tica \u2013 George Rubadel, Kradyn Junior, M\u00e1gico Jo\u00e3o e M\u00e1gico Marcelo.<\/p>\n","protected":false},"excerpt":{"rendered":"<p>Fundada em 06 de mar\u00e7o de 1997, pelos m\u00e1gicos Yago (Jocelen Thiago Silva), Rossini (Felipe Thiago Silva), Sesiom (Mois\u00e9s Gomes), Tedylon (Judas Tadeu Tallon), Mr Rossi (Marco Morais Rossi), Dr\u00e1kula (Antonio Talus Salis), Rog\u00e9rio Daves, Adan, Estevan, Serge Weick e Nic (Jos\u00e9 Nicodemus). Foi idealizada na oficina de m\u00e1gicas do fabricante Vicente Freitas, com o&hellip;&nbsp;<a href=\"https:\/\/academiamineiradeilusionismo.com\/site\/sobre\/\" class=\"\" rel=\"bookmark\">Continue a ler &raquo;<span class=\"screen-reader-text\">Sobre<\/span><\/a><\/p>\n","protected":false},"author":1,"featured_media":0,"parent":0,"menu_order":0,"comment_status":"closed","ping_status":"closed","template":"","meta":{"neve_meta_sidebar":"","neve_meta_container":"","neve_meta_enable_content_width":"","neve_meta_content_width":0,"neve_meta_title_alignment":"","neve_meta_author_avatar":"","neve_post_elements_order":"","neve_meta_disable_header":"","neve_meta_disable_footer":"","neve_meta_disable_title":""},"_links":{"self":[{"href":"https:\/\/academiamineiradeilusionismo.com\/site\/wp-json\/wp\/v2\/pages\/45"}],"collection":[{"href":"https:\/\/academiamineiradeilusionismo.com\/site\/wp-json\/wp\/v2\/pages"}],"about":[{"href":"https:\/\/academiamineiradeilusionismo.com\/site\/wp-json\/wp\/v2\/types\/page"}],"author":[{"embeddable":true,"href":"https:\/\/academiamineiradeilusionismo.com\/site\/wp-json\/wp\/v2\/users\/1"}],"replies":[{"embeddable":true,"href":"https:\/\/academiamineiradeilusionismo.com\/site\/wp-json\/wp\/v2\/comments?post=45"}],"version-history":[{"count":1,"href":"https:\/\/academiamineiradeilusionismo.com\/site\/wp-json\/wp\/v2\/pages\/45\/revisions"}],"predecessor-version":[{"id":47,"href":"https:\/\/academiamineiradeilusionismo.com\/site\/wp-json\/wp\/v2\/pages\/45\/revisions\/47"}],"wp:attachment":[{"href":"https:\/\/academiamineiradeilusionismo.com\/site\/wp-json\/wp\/v2\/media?parent=45"}],"curies":[{"name":"wp","href":"https:\/\/api.w.org\/{rel}","templated":true}]}}